{"id":101,"date":"2022-03-08T10:31:26","date_gmt":"2022-03-08T09:31:26","guid":{"rendered":"https:\/\/www.ebenisteriefradet.com\/?page_id=101"},"modified":"2022-03-15T15:26:43","modified_gmt":"2022-03-15T14:26:43","slug":"tapissier","status":"publish","type":"page","link":"https:\/\/www.ebenisteriefradet.com\/tapissier\/","title":{"rendered":"Tapissier"},"content":{"rendered":"<p>[et_pb_section fb_built=\u00a0\u00bb1&Prime; _builder_version=\u00a0\u00bb4.14.8&Prime; _module_preset=\u00a0\u00bbdefault\u00a0\u00bb custom_margin=\u00a0\u00bb||100px||false|false\u00a0\u00bb custom_padding=\u00a0\u00bb0px||0px|2px||\u00a0\u00bb locked=\u00a0\u00bboff\u00a0\u00bb global_colors_info=\u00a0\u00bb{}\u00a0\u00bb theme_builder_area=\u00a0\u00bbpost_content\u00a0\u00bb][et_pb_row module_class=\u00a0\u00bbcontenu\u00a0\u00bb _builder_version=\u00a0\u00bb4.14.8&Prime; _module_preset=\u00a0\u00bbdefault\u00a0\u00bb width=\u00a0\u00bb1170px\u00a0\u00bb max_width=\u00a0\u00bb1170px\u00a0\u00bb custom_padding=\u00a0\u00bb|15px|0px|15px|false|true\u00a0\u00bb global_colors_info=\u00a0\u00bb{}\u00a0\u00bb theme_builder_area=\u00a0\u00bbet_body_layout\u00a0\u00bb][et_pb_column type=\u00a0\u00bb4_4&Prime; _builder_version=\u00a0\u00bb4.14.8&Prime; _module_preset=\u00a0\u00bbdefault\u00a0\u00bb global_colors_info=\u00a0\u00bb{}\u00a0\u00bb theme_builder_area=\u00a0\u00bbet_body_layout\u00a0\u00bb][et_pb_text module_class=\u00a0\u00bblegacy\u00a0\u00bb _builder_version=\u00a0\u00bb4.14.8&Prime; _module_preset=\u00a0\u00bbdefault\u00a0\u00bb text_text_color=\u00a0\u00bb#171717&Prime; header_2_font=\u00a0\u00bb|||on|||||\u00a0\u00bb header_2_text_align=\u00a0\u00bbcenter\u00a0\u00bb header_2_text_color=\u00a0\u00bb#171717&Prime; header_2_font_size=\u00a0\u00bb28px\u00a0\u00bb custom_margin=\u00a0\u00bb20px|0px|0px|0px|false|false\u00a0\u00bb custom_padding=\u00a0\u00bb0px|0px|0px|0px|false|false\u00a0\u00bb hover_enabled=\u00a0\u00bb0&Prime; global_colors_info=\u00a0\u00bb{}\u00a0\u00bb theme_builder_area=\u00a0\u00bbet_body_layout\u00a0\u00bb admin_label=\u00a0\u00bbTitre contenu\u00a0\u00bb sticky_enabled=\u00a0\u00bb0&Prime;]<\/p>\n<h2 style=\"text-align: center;\">LES SERVICES DE TAPISSIER D&rsquo;AMEUBLEMENT<\/h2>\n<p>[\/et_pb_text][et_pb_divider color=\u00a0\u00bb#BBA887&Prime; divider_weight=\u00a0\u00bb4px\u00a0\u00bb _builder_version=\u00a0\u00bb4.14.8&Prime; _module_preset=\u00a0\u00bbdefault\u00a0\u00bb width=\u00a0\u00bb130px\u00a0\u00bb max_width=\u00a0\u00bb130px\u00a0\u00bb module_alignment=\u00a0\u00bbcenter\u00a0\u00bb custom_margin=\u00a0\u00bb0px|0px|10px|0px|false|false\u00a0\u00bb custom_padding=\u00a0\u00bb0px|0px|0px|0px|false|false\u00a0\u00bb global_colors_info=\u00a0\u00bb{}\u00a0\u00bb theme_builder_area=\u00a0\u00bbet_body_layout\u00a0\u00bb][\/et_pb_divider][et_pb_text _builder_version=\u00a0\u00bb4.14.8&Prime; _module_preset=\u00a0\u00bbdefault\u00a0\u00bb text_font=\u00a0\u00bbOxygen||||||||\u00a0\u00bb text_text_color=\u00a0\u00bb#2C2C2C\u00a0\u00bb text_font_size=\u00a0\u00bb16px\u00a0\u00bb custom_margin=\u00a0\u00bb0px|0px|10px|0px|false|false\u00a0\u00bb custom_padding=\u00a0\u00bb0px|11px|0px|11px|false|true\u00a0\u00bb global_colors_info=\u00a0\u00bb{}\u00a0\u00bb theme_builder_area=\u00a0\u00bbet_body_layout\u00a0\u00bb]<\/p>\n<p style=\"text-align: left;\"><strong>Artisan tapissier garnisseur, je vous propose la r\u00e9alisation des garnitures de fa\u00e7on traditionnelle en utilisant du crin, des ressorts et la couverture des si\u00e8ges de toutes \u00e9poques et de tous\u00a0styles.\u00a0<\/strong><\/p>\n<p>[\/et_pb_text][et_pb_text _builder_version=\u00a0\u00bb4.14.8&Prime; _module_preset=\u00a0\u00bbdefault\u00a0\u00bb text_font=\u00a0\u00bbOxygen||||||||\u00a0\u00bb text_text_color=\u00a0\u00bbrgba(44,44,44,0.85)\u00a0\u00bb text_font_size=\u00a0\u00bb16px\u00a0\u00bb custom_margin=\u00a0\u00bb0px|0px|30px|0px|false|false\u00a0\u00bb custom_padding=\u00a0\u00bb0px|11px|0px|11px|false|true\u00a0\u00bb global_colors_info=\u00a0\u00bb{}\u00a0\u00bb theme_builder_area=\u00a0\u00bbet_body_layout\u00a0\u00bb]<\/p>\n<p style=\"text-align: left;\"><span>Votre si\u00e8ge peut \u00eatre recouvert de tissu ou de cuir, clout\u00e9 ou galonn\u00e9. Voltaire, cabriolet, banquette, chaise, fauteuil, berg\u00e8re, etc&#8230;<\/span><\/p>\n<p>[\/et_pb_text][et_pb_text module_class=\u00a0\u00bblegacy\u00a0\u00bb _builder_version=\u00a0\u00bb4.14.8&Prime; _module_preset=\u00a0\u00bbdefault\u00a0\u00bb text_text_color=\u00a0\u00bb#171717&Prime; header_2_font=\u00a0\u00bb|||on|||||\u00a0\u00bb header_2_text_align=\u00a0\u00bbcenter\u00a0\u00bb header_2_text_color=\u00a0\u00bb#171717&Prime; header_2_font_size=\u00a0\u00bb28px\u00a0\u00bb custom_margin=\u00a0\u00bb20px|0px|0px|0px|false|false\u00a0\u00bb custom_padding=\u00a0\u00bb0px|0px|0px|0px|false|false\u00a0\u00bb hover_enabled=\u00a0\u00bb0&Prime; global_colors_info=\u00a0\u00bb{}\u00a0\u00bb theme_builder_area=\u00a0\u00bbet_body_layout\u00a0\u00bb admin_label=\u00a0\u00bbMes r\u00e9alisations\u00a0\u00bb sticky_enabled=\u00a0\u00bb0&Prime;]<\/p>\n<h2>MES\u00a0R\u00c9ALISATIONS<\/h2>\n<p>[\/et_pb_text][et_pb_divider color=\u00a0\u00bb#BBA887&Prime; divider_weight=\u00a0\u00bb4px\u00a0\u00bb _builder_version=\u00a0\u00bb4.14.8&Prime; _module_preset=\u00a0\u00bbdefault\u00a0\u00bb width=\u00a0\u00bb130px\u00a0\u00bb max_width=\u00a0\u00bb130px\u00a0\u00bb module_alignment=\u00a0\u00bbcenter\u00a0\u00bb custom_margin=\u00a0\u00bb0px|0px|10px|0px|false|false\u00a0\u00bb custom_padding=\u00a0\u00bb0px|0px|0px|0px|false|false\u00a0\u00bb global_colors_info=\u00a0\u00bb{}\u00a0\u00bb theme_builder_area=\u00a0\u00bbet_body_layout\u00a0\u00bb][\/et_pb_divider][\/et_pb_column][\/et_pb_row][et_pb_row make_equal=\u00a0\u00bbon\u00a0\u00bb module_class=\u00a0\u00bbcontenu\u00a0\u00bb _builder_version=\u00a0\u00bb4.14.8&Prime; _module_preset=\u00a0\u00bbdefault\u00a0\u00bb width=\u00a0\u00bb1170px\u00a0\u00bb max_width=\u00a0\u00bb1170px\u00a0\u00bb module_alignment=\u00a0\u00bbcenter\u00a0\u00bb custom_margin=\u00a0\u00bb|auto||auto|false|false\u00a0\u00bb custom_padding=\u00a0\u00bb0px|15px|0px|15px|false|true\u00a0\u00bb global_colors_info=\u00a0\u00bb{}\u00a0\u00bb theme_builder_area=\u00a0\u00bbet_body_layout\u00a0\u00bb][et_pb_column type=\u00a0\u00bb4_4&Prime; _builder_version=\u00a0\u00bb4.14.8&Prime; _module_preset=\u00a0\u00bbdefault\u00a0\u00bb global_colors_info=\u00a0\u00bb{}\u00a0\u00bb theme_builder_area=\u00a0\u00bbet_body_layout\u00a0\u00bb][et_pb_gallery gallery_ids=\u00a0\u00bb68,69,70,71,72,73&Prime; fullwidth=\u00a0\u00bbon\u00a0\u00bb _builder_version=\u00a0\u00bb4.14.8&Prime; _module_preset=\u00a0\u00bbdefault\u00a0\u00bb custom_padding=\u00a0\u00bb|11px||11px|false|true\u00a0\u00bb hover_enabled=\u00a0\u00bb0&Prime; global_colors_info=\u00a0\u00bb{}\u00a0\u00bb theme_builder_area=\u00a0\u00bbet_body_layout\u00a0\u00bb admin_label=\u00a0\u00bbGalerie d&rsquo;image\u00a0\u00bb sticky_enabled=\u00a0\u00bb0&Prime;][\/et_pb_gallery][\/et_pb_column][\/et_pb_row][\/et_pb_section]<\/p>\n","protected":false},"excerpt":{"rendered":"<p>LES SERVICES DE TAPISSIER D&rsquo;AMEUBLEMENTArtisan tapissier garnisseur, je vous propose la r\u00e9alisation des garnitures de fa\u00e7on traditionnelle en utilisant du crin, des ressorts et la couverture des si\u00e8ges de toutes \u00e9poques et de tous\u00a0styles.\u00a0Votre si\u00e8ge peut \u00eatre recouvert de tissu ou de cuir, clout\u00e9 ou galonn\u00e9. Voltaire, cabriolet, banquette, chaise, fauteuil, berg\u00e8re, etc&#8230;MES\u00a0R\u00c9ALISATIONS<\/p>\n","protected":false},"author":1,"featured_media":0,"parent":0,"menu_order":0,"comment_status":"closed","ping_status":"closed","template":"","meta":{"_et_pb_use_builder":"on","_et_pb_old_content":"","_et_gb_content_width":"","footnotes":""},"class_list":["post-101","page","type-page","status-publish","hentry"],"yoast_head":"<!-- This site is optimized with the Yoast SEO plugin v26.9 - https:\/\/yoast.com\/product\/yoast-seo-wordpress\/ -->\n<title>Tapissier - Fradet Ludovic | Artisan \u00c9b\u00e9niste Menuisier<\/title>\n<meta name=\"robots\" content=\"index, follow, max-snippet:-1, max-image-preview:large, max-video-preview:-1\" \/>\n<link rel=\"canonical\" href=\"https:\/\/www.ebenisteriefradet.com\/tapissier\/\" \/>\n<meta property=\"og:locale\" content=\"fr_FR\" \/>\n<meta property=\"og:type\" content=\"article\" \/>\n<meta property=\"og:title\" content=\"Tapissier - Fradet Ludovic | Artisan \u00c9b\u00e9niste Menuisier\" \/>\n<meta property=\"og:description\" content=\"LES SERVICES DE TAPISSIER D&#039;AMEUBLEMENTArtisan tapissier garnisseur, je vous propose la r\u00e9alisation des garnitures de fa\u00e7on traditionnelle en utilisant du crin, des ressorts et la couverture des si\u00e8ges de toutes \u00e9poques et de tous\u00a0styles.\u00a0Votre si\u00e8ge peut \u00eatre recouvert de tissu ou de cuir, clout\u00e9 ou galonn\u00e9. Voltaire, cabriolet, banquette, chaise, fauteuil, berg\u00e8re, etc...MES\u00a0R\u00c9ALISATIONS\" \/>\n<meta property=\"og:url\" content=\"https:\/\/www.ebenisteriefradet.com\/tapissier\/\" \/>\n<meta property=\"og:site_name\" content=\"Fradet Ludovic | Artisan \u00c9b\u00e9niste Menuisier\" \/>\n<meta property=\"article:modified_time\" content=\"2022-03-15T14:26:43+00:00\" \/>\n<meta name=\"twitter:card\" content=\"summary_large_image\" \/>\n<meta name=\"twitter:label1\" content=\"Dur\u00e9e de lecture estim\u00e9e\" \/>\n\t<meta name=\"twitter:data1\" content=\"3 minutes\" \/>\n<script type=\"application\/ld+json\" class=\"yoast-schema-graph\">{\"@context\":\"https:\/\/schema.org\",\"@graph\":[{\"@type\":\"WebPage\",\"@id\":\"https:\/\/www.ebenisteriefradet.com\/tapissier\/\",\"url\":\"https:\/\/www.ebenisteriefradet.com\/tapissier\/\",\"name\":\"Tapissier - Fradet Ludovic | Artisan \u00c9b\u00e9niste Menuisier\",\"isPartOf\":{\"@id\":\"https:\/\/www.ebenisteriefradet.com\/#website\"},\"datePublished\":\"2022-03-08T09:31:26+00:00\",\"dateModified\":\"2022-03-15T14:26:43+00:00\",\"inLanguage\":\"fr-FR\",\"potentialAction\":[{\"@type\":\"ReadAction\",\"target\":[\"https:\/\/www.ebenisteriefradet.com\/tapissier\/\"]}]},{\"@type\":\"WebSite\",\"@id\":\"https:\/\/www.ebenisteriefradet.com\/#website\",\"url\":\"https:\/\/www.ebenisteriefradet.com\/\",\"name\":\"Fradet Ludovic | Artisan \u00c9b\u00e9niste Menuisier\",\"description\":\"\u00c9b\u00e9nisterie et Menuiserie \u00e0 Noirmoutier\",\"potentialAction\":[{\"@type\":\"SearchAction\",\"target\":{\"@type\":\"EntryPoint\",\"urlTemplate\":\"https:\/\/www.ebenisteriefradet.com\/?s={search_term_string}\"},\"query-input\":{\"@type\":\"PropertyValueSpecification\",\"valueRequired\":true,\"valueName\":\"search_term_string\"}}],\"inLanguage\":\"fr-FR\"}]}<\/script>\n<!-- \/ Yoast SEO plugin. -->","yoast_head_json":{"title":"Tapissier - Fradet Ludovic | Artisan \u00c9b\u00e9niste Menuisier","robots":{"index":"index","follow":"follow","max-snippet":"max-snippet:-1","max-image-preview":"max-image-preview:large","max-video-preview":"max-video-preview:-1"},"canonical":"https:\/\/www.ebenisteriefradet.com\/tapissier\/","og_locale":"fr_FR","og_type":"article","og_title":"Tapissier - Fradet Ludovic | Artisan \u00c9b\u00e9niste Menuisier","og_description":"LES SERVICES DE TAPISSIER D'AMEUBLEMENTArtisan tapissier garnisseur, je vous propose la r\u00e9alisation des garnitures de fa\u00e7on traditionnelle en utilisant du crin, des ressorts et la couverture des si\u00e8ges de toutes \u00e9poques et de tous\u00a0styles.\u00a0Votre si\u00e8ge peut \u00eatre recouvert de tissu ou de cuir, clout\u00e9 ou galonn\u00e9. Voltaire, cabriolet, banquette, chaise, fauteuil, berg\u00e8re, etc...MES\u00a0R\u00c9ALISATIONS","og_url":"https:\/\/www.ebenisteriefradet.com\/tapissier\/","og_site_name":"Fradet Ludovic | Artisan \u00c9b\u00e9niste Menuisier","article_modified_time":"2022-03-15T14:26:43+00:00","twitter_card":"summary_large_image","twitter_misc":{"Dur\u00e9e de lecture estim\u00e9e":"3 minutes"},"schema":{"@context":"https:\/\/schema.org","@graph":[{"@type":"WebPage","@id":"https:\/\/www.ebenisteriefradet.com\/tapissier\/","url":"https:\/\/www.ebenisteriefradet.com\/tapissier\/","name":"Tapissier - Fradet Ludovic | Artisan \u00c9b\u00e9niste Menuisier","isPartOf":{"@id":"https:\/\/www.ebenisteriefradet.com\/#website"},"datePublished":"2022-03-08T09:31:26+00:00","dateModified":"2022-03-15T14:26:43+00:00","inLanguage":"fr-FR","potentialAction":[{"@type":"ReadAction","target":["https:\/\/www.ebenisteriefradet.com\/tapissier\/"]}]},{"@type":"WebSite","@id":"https:\/\/www.ebenisteriefradet.com\/#website","url":"https:\/\/www.ebenisteriefradet.com\/","name":"Fradet Ludovic | Artisan \u00c9b\u00e9niste Menuisier","description":"\u00c9b\u00e9nisterie et Menuiserie \u00e0 Noirmoutier","potentialAction":[{"@type":"SearchAction","target":{"@type":"EntryPoint","urlTemplate":"https:\/\/www.ebenisteriefradet.com\/?s={search_term_string}"},"query-input":{"@type":"PropertyValueSpecification","valueRequired":true,"valueName":"search_term_string"}}],"inLanguage":"fr-FR"}]}},"_links":{"self":[{"href":"https:\/\/www.ebenisteriefradet.com\/api\/wp\/v2\/pages\/101","targetHints":{"allow":["GET"]}}],"collection":[{"href":"https:\/\/www.ebenisteriefradet.com\/api\/wp\/v2\/pages"}],"about":[{"href":"https:\/\/www.ebenisteriefradet.com\/api\/wp\/v2\/types\/page"}],"author":[{"embeddable":true,"href":"https:\/\/www.ebenisteriefradet.com\/api\/wp\/v2\/users\/1"}],"replies":[{"embeddable":true,"href":"https:\/\/www.ebenisteriefradet.com\/api\/wp\/v2\/comments?post=101"}],"version-history":[{"count":3,"href":"https:\/\/www.ebenisteriefradet.com\/api\/wp\/v2\/pages\/101\/revisions"}],"predecessor-version":[{"id":763,"href":"https:\/\/www.ebenisteriefradet.com\/api\/wp\/v2\/pages\/101\/revisions\/763"}],"wp:attachment":[{"href":"https:\/\/www.ebenisteriefradet.com\/api\/wp\/v2\/media?parent=101"}],"curies":[{"name":"wp","href":"https:\/\/api.w.org\/{rel}","templated":true}]}}