{"id":105,"date":"2022-03-08T10:31:50","date_gmt":"2022-03-08T09:31:50","guid":{"rendered":"https:\/\/www.ebenisteriefradet.com\/?page_id=105"},"modified":"2022-03-15T15:22:39","modified_gmt":"2022-03-15T14:22:39","slug":"ebeniste","status":"publish","type":"page","link":"https:\/\/www.ebenisteriefradet.com\/ebeniste\/","title":{"rendered":"\u00c9b\u00e9niste"},"content":{"rendered":"<p>[et_pb_section fb_built=\u00a0\u00bb1&Prime; _builder_version=\u00a0\u00bb4.14.8&Prime; _module_preset=\u00a0\u00bbdefault\u00a0\u00bb custom_margin=\u00a0\u00bb||100px||false|false\u00a0\u00bb custom_padding=\u00a0\u00bb0px||0px|||\u00a0\u00bb locked=\u00a0\u00bboff\u00a0\u00bb global_colors_info=\u00a0\u00bb{}\u00a0\u00bb][et_pb_row make_equal=\u00a0\u00bbon\u00a0\u00bb module_class=\u00a0\u00bbcontenu\u00a0\u00bb _builder_version=\u00a0\u00bb4.14.8&Prime; _module_preset=\u00a0\u00bbdefault\u00a0\u00bb width=\u00a0\u00bb1170px\u00a0\u00bb max_width=\u00a0\u00bb1170px\u00a0\u00bb custom_padding=\u00a0\u00bb|15px|0px|15px|false|true\u00a0\u00bb global_colors_info=\u00a0\u00bb{}\u00a0\u00bb][et_pb_column type=\u00a0\u00bb4_4&Prime; _builder_version=\u00a0\u00bb4.14.8&Prime; _module_preset=\u00a0\u00bbdefault\u00a0\u00bb global_colors_info=\u00a0\u00bb{}\u00a0\u00bb][et_pb_text module_class=\u00a0\u00bblegacy\u00a0\u00bb _builder_version=\u00a0\u00bb4.14.8&Prime; _module_preset=\u00a0\u00bbdefault\u00a0\u00bb text_text_color=\u00a0\u00bb#171717&Prime; header_2_font=\u00a0\u00bb|||on|||||\u00a0\u00bb header_2_text_align=\u00a0\u00bbcenter\u00a0\u00bb header_2_text_color=\u00a0\u00bb#171717&Prime; header_2_font_size=\u00a0\u00bb28px\u00a0\u00bb custom_margin=\u00a0\u00bb20px|0px|0px|0px|false|false\u00a0\u00bb custom_padding=\u00a0\u00bb0px|0px|0px|0px|false|false\u00a0\u00bb hover_enabled=\u00a0\u00bb0&Prime; global_colors_info=\u00a0\u00bb{}\u00a0\u00bb admin_label=\u00a0\u00bbTitre contenu\u00a0\u00bb sticky_enabled=\u00a0\u00bb0&Prime;]<\/p>\n<h2 style=\"text-align: center;\">LES SERVICES \u00c9BENISTERIE<\/h2>\n<p>[\/et_pb_text][et_pb_divider color=\u00a0\u00bb#BBA887&Prime; divider_weight=\u00a0\u00bb4px\u00a0\u00bb _builder_version=\u00a0\u00bb4.14.8&Prime; _module_preset=\u00a0\u00bbdefault\u00a0\u00bb width=\u00a0\u00bb130px\u00a0\u00bb max_width=\u00a0\u00bb130px\u00a0\u00bb module_alignment=\u00a0\u00bbcenter\u00a0\u00bb custom_margin=\u00a0\u00bb0px|0px|10px|0px|false|false\u00a0\u00bb custom_padding=\u00a0\u00bb0px|0px|0px|0px|false|false\u00a0\u00bb global_colors_info=\u00a0\u00bb{}\u00a0\u00bb][\/et_pb_divider][et_pb_text _builder_version=\u00a0\u00bb4.14.8&Prime; _module_preset=\u00a0\u00bbdefault\u00a0\u00bb text_font=\u00a0\u00bbOxygen||||||||\u00a0\u00bb text_text_color=\u00a0\u00bb#2C2C2C\u00a0\u00bb text_font_size=\u00a0\u00bb16px\u00a0\u00bb width=\u00a0\u00bb98%\u00a0\u00bb custom_margin=\u00a0\u00bb0px|0px|10px|0px|false|false\u00a0\u00bb custom_padding=\u00a0\u00bb0px|11px|0px|11px|false|true\u00a0\u00bb global_colors_info=\u00a0\u00bb{}\u00a0\u00bb]<\/p>\n<p style=\"text-align: left;\"><strong>Le mot \u00ab\u00a0\u00e9b\u00e9niste\u00a0\u00bb est apparu au d\u00e9but du 18\u00e8me si\u00e8cle pour d\u00e9signer l&rsquo;artisan r\u00e9alisant des placages sur les meubles massifs. De nos jours, l&rsquo;\u00e9b\u00e9niste est un artisan fabriquant de meubles massifs ou plaqu\u00e9s en bois pr\u00e9cieux ou communs.<\/strong><\/p>\n<p>[\/et_pb_text][et_pb_text _builder_version=\u00a0\u00bb4.14.8&Prime; _module_preset=\u00a0\u00bbdefault\u00a0\u00bb text_font=\u00a0\u00bbOxygen||||||||\u00a0\u00bb text_text_color=\u00a0\u00bb#2c2c2c\u00a0\u00bb text_font_size=\u00a0\u00bb16px\u00a0\u00bb width=\u00a0\u00bb98%\u00a0\u00bb custom_margin=\u00a0\u00bb0px|0px|30px|0px|false|false\u00a0\u00bb custom_padding=\u00a0\u00bb0px|11px|0px|11px|false|true\u00a0\u00bb global_colors_info=\u00a0\u00bb{}\u00a0\u00bb]<\/p>\n<p style=\"text-align: left;\"><span>Dans le respect des r\u00e8gles traditionnelles du m\u00e9tier d&rsquo;\u00e9b\u00e9niste, je vous propose la copie de meubles existant ou la fabrication de tous meubles sur-mesure correspondant \u00e0 vos besoins : commodes, tables, biblioth\u00e8ques, bureaux, am\u00e9nagements int\u00e9rieurs. La finition peut \u00eatre laqu\u00e9e, cir\u00e9e, huil\u00e9e ou vernie. Le vernis permet d&rsquo;obtenir si vous le souhaitez une finition tr\u00e8s mate ayant l&rsquo;aspect du bois brut.<\/span><\/p>\n<p>[\/et_pb_text][et_pb_text module_class=\u00a0\u00bblegacy\u00a0\u00bb _builder_version=\u00a0\u00bb4.14.8&Prime; _module_preset=\u00a0\u00bbdefault\u00a0\u00bb text_text_color=\u00a0\u00bb#171717&Prime; header_2_font=\u00a0\u00bb|||on|||||\u00a0\u00bb header_2_text_align=\u00a0\u00bbcenter\u00a0\u00bb header_2_text_color=\u00a0\u00bb#171717&Prime; header_2_font_size=\u00a0\u00bb28px\u00a0\u00bb custom_margin=\u00a0\u00bb20px|0px|0px|0px|false|false\u00a0\u00bb custom_padding=\u00a0\u00bb0px|0px|0px|0px|false|false\u00a0\u00bb hover_enabled=\u00a0\u00bb0&Prime; global_colors_info=\u00a0\u00bb{}\u00a0\u00bb admin_label=\u00a0\u00bbMes r\u00e9alisations\u00a0\u00bb sticky_enabled=\u00a0\u00bb0&Prime;]<\/p>\n<h2>MES\u00a0R\u00c9ALISATIONS<\/h2>\n<p>[\/et_pb_text][et_pb_divider color=\u00a0\u00bb#BBA887&Prime; divider_weight=\u00a0\u00bb4px\u00a0\u00bb _builder_version=\u00a0\u00bb4.14.8&Prime; _module_preset=\u00a0\u00bbdefault\u00a0\u00bb width=\u00a0\u00bb130px\u00a0\u00bb max_width=\u00a0\u00bb130px\u00a0\u00bb module_alignment=\u00a0\u00bbcenter\u00a0\u00bb custom_margin=\u00a0\u00bb0px|0px|10px|0px|false|false\u00a0\u00bb custom_padding=\u00a0\u00bb0px|0px|0px|0px|false|false\u00a0\u00bb global_colors_info=\u00a0\u00bb{}\u00a0\u00bb][\/et_pb_divider][\/et_pb_column][\/et_pb_row][et_pb_row make_equal=\u00a0\u00bbon\u00a0\u00bb module_class=\u00a0\u00bbcontenu\u00a0\u00bb _builder_version=\u00a0\u00bb4.14.8&Prime; _module_preset=\u00a0\u00bbdefault\u00a0\u00bb width=\u00a0\u00bb1170px\u00a0\u00bb max_width=\u00a0\u00bb1170px\u00a0\u00bb custom_padding=\u00a0\u00bb0px|15px|0px|15px|false|true\u00a0\u00bb global_colors_info=\u00a0\u00bb{}\u00a0\u00bb][et_pb_column type=\u00a0\u00bb4_4&Prime; _builder_version=\u00a0\u00bb4.14.8&Prime; _module_preset=\u00a0\u00bbdefault\u00a0\u00bb global_colors_info=\u00a0\u00bb{}\u00a0\u00bb][et_pb_gallery gallery_ids=\u00a0\u00bb32,33,34,35,36,37,38,39&Prime; fullwidth=\u00a0\u00bbon\u00a0\u00bb _builder_version=\u00a0\u00bb4.14.8&Prime; _module_preset=\u00a0\u00bbdefault\u00a0\u00bb width=\u00a0\u00bb100%\u00a0\u00bb max_width=\u00a0\u00bb100%\u00a0\u00bb custom_margin=\u00a0\u00bb0px|0px|0px|0px|false|false\u00a0\u00bb custom_padding=\u00a0\u00bb0px|11px|0px|11px|false|true\u00a0\u00bb hover_enabled=\u00a0\u00bb0&Prime; global_colors_info=\u00a0\u00bb{}\u00a0\u00bb admin_label=\u00a0\u00bbGalerie d&rsquo;image\u00a0\u00bb sticky_enabled=\u00a0\u00bb0&Prime;][\/et_pb_gallery][\/et_pb_column][\/et_pb_row][\/et_pb_section]<\/p>\n","protected":false},"excerpt":{"rendered":"<p>LES SERVICES \u00c9BENISTERIELe mot \u00ab\u00a0\u00e9b\u00e9niste\u00a0\u00bb est apparu au d\u00e9but du 18\u00e8me si\u00e8cle pour d\u00e9signer l&rsquo;artisan r\u00e9alisant des placages sur les meubles massifs. De nos jours, l&rsquo;\u00e9b\u00e9niste est un artisan fabriquant de meubles massifs ou plaqu\u00e9s en bois pr\u00e9cieux ou communs.Dans le respect des r\u00e8gles traditionnelles du m\u00e9tier d&rsquo;\u00e9b\u00e9niste, je vous propose la copie de meubles [&hellip;]<\/p>\n","protected":false},"author":1,"featured_media":0,"parent":0,"menu_order":0,"comment_status":"closed","ping_status":"closed","template":"","meta":{"_et_pb_use_builder":"on","_et_pb_old_content":"","_et_gb_content_width":"","footnotes":""},"class_list":["post-105","page","type-page","status-publish","hentry"],"yoast_head":"<!-- This site is optimized with the Yoast SEO plugin v26.9 - https:\/\/yoast.com\/product\/yoast-seo-wordpress\/ -->\n<title>\u00c9b\u00e9niste - Fradet Ludovic | Artisan \u00c9b\u00e9niste Menuisier<\/title>\n<meta name=\"robots\" content=\"index, follow, max-snippet:-1, max-image-preview:large, max-video-preview:-1\" \/>\n<link rel=\"canonical\" href=\"https:\/\/www.ebenisteriefradet.com\/ebeniste\/\" \/>\n<meta property=\"og:locale\" content=\"fr_FR\" \/>\n<meta property=\"og:type\" content=\"article\" \/>\n<meta property=\"og:title\" content=\"\u00c9b\u00e9niste - Fradet Ludovic | Artisan \u00c9b\u00e9niste Menuisier\" \/>\n<meta property=\"og:description\" content=\"LES SERVICES \u00c9BENISTERIELe mot &quot;\u00e9b\u00e9niste&quot; est apparu au d\u00e9but du 18\u00e8me si\u00e8cle pour d\u00e9signer l&#039;artisan r\u00e9alisant des placages sur les meubles massifs. De nos jours, l&#039;\u00e9b\u00e9niste est un artisan fabriquant de meubles massifs ou plaqu\u00e9s en bois pr\u00e9cieux ou communs.Dans le respect des r\u00e8gles traditionnelles du m\u00e9tier d&#039;\u00e9b\u00e9niste, je vous propose la copie de meubles [&hellip;]\" \/>\n<meta property=\"og:url\" content=\"https:\/\/www.ebenisteriefradet.com\/ebeniste\/\" \/>\n<meta property=\"og:site_name\" content=\"Fradet Ludovic | Artisan \u00c9b\u00e9niste Menuisier\" \/>\n<meta property=\"article:modified_time\" content=\"2022-03-15T14:22:39+00:00\" \/>\n<meta name=\"twitter:card\" content=\"summary_large_image\" \/>\n<meta name=\"twitter:label1\" content=\"Dur\u00e9e de lecture estim\u00e9e\" \/>\n\t<meta name=\"twitter:data1\" content=\"3 minutes\" \/>\n<script type=\"application\/ld+json\" class=\"yoast-schema-graph\">{\"@context\":\"https:\/\/schema.org\",\"@graph\":[{\"@type\":\"WebPage\",\"@id\":\"https:\/\/www.ebenisteriefradet.com\/ebeniste\/\",\"url\":\"https:\/\/www.ebenisteriefradet.com\/ebeniste\/\",\"name\":\"\u00c9b\u00e9niste - Fradet Ludovic | Artisan \u00c9b\u00e9niste Menuisier\",\"isPartOf\":{\"@id\":\"https:\/\/www.ebenisteriefradet.com\/#website\"},\"datePublished\":\"2022-03-08T09:31:50+00:00\",\"dateModified\":\"2022-03-15T14:22:39+00:00\",\"inLanguage\":\"fr-FR\",\"potentialAction\":[{\"@type\":\"ReadAction\",\"target\":[\"https:\/\/www.ebenisteriefradet.com\/ebeniste\/\"]}]},{\"@type\":\"WebSite\",\"@id\":\"https:\/\/www.ebenisteriefradet.com\/#website\",\"url\":\"https:\/\/www.ebenisteriefradet.com\/\",\"name\":\"Fradet Ludovic | Artisan \u00c9b\u00e9niste Menuisier\",\"description\":\"\u00c9b\u00e9nisterie et Menuiserie \u00e0 Noirmoutier\",\"potentialAction\":[{\"@type\":\"SearchAction\",\"target\":{\"@type\":\"EntryPoint\",\"urlTemplate\":\"https:\/\/www.ebenisteriefradet.com\/?s={search_term_string}\"},\"query-input\":{\"@type\":\"PropertyValueSpecification\",\"valueRequired\":true,\"valueName\":\"search_term_string\"}}],\"inLanguage\":\"fr-FR\"}]}<\/script>\n<!-- \/ Yoast SEO plugin. -->","yoast_head_json":{"title":"\u00c9b\u00e9niste - Fradet Ludovic | Artisan \u00c9b\u00e9niste Menuisier","robots":{"index":"index","follow":"follow","max-snippet":"max-snippet:-1","max-image-preview":"max-image-preview:large","max-video-preview":"max-video-preview:-1"},"canonical":"https:\/\/www.ebenisteriefradet.com\/ebeniste\/","og_locale":"fr_FR","og_type":"article","og_title":"\u00c9b\u00e9niste - Fradet Ludovic | Artisan \u00c9b\u00e9niste Menuisier","og_description":"LES SERVICES \u00c9BENISTERIELe mot \"\u00e9b\u00e9niste\" est apparu au d\u00e9but du 18\u00e8me si\u00e8cle pour d\u00e9signer l'artisan r\u00e9alisant des placages sur les meubles massifs. De nos jours, l'\u00e9b\u00e9niste est un artisan fabriquant de meubles massifs ou plaqu\u00e9s en bois pr\u00e9cieux ou communs.Dans le respect des r\u00e8gles traditionnelles du m\u00e9tier d'\u00e9b\u00e9niste, je vous propose la copie de meubles [&hellip;]","og_url":"https:\/\/www.ebenisteriefradet.com\/ebeniste\/","og_site_name":"Fradet Ludovic | Artisan \u00c9b\u00e9niste Menuisier","article_modified_time":"2022-03-15T14:22:39+00:00","twitter_card":"summary_large_image","twitter_misc":{"Dur\u00e9e de lecture estim\u00e9e":"3 minutes"},"schema":{"@context":"https:\/\/schema.org","@graph":[{"@type":"WebPage","@id":"https:\/\/www.ebenisteriefradet.com\/ebeniste\/","url":"https:\/\/www.ebenisteriefradet.com\/ebeniste\/","name":"\u00c9b\u00e9niste - Fradet Ludovic | Artisan \u00c9b\u00e9niste Menuisier","isPartOf":{"@id":"https:\/\/www.ebenisteriefradet.com\/#website"},"datePublished":"2022-03-08T09:31:50+00:00","dateModified":"2022-03-15T14:22:39+00:00","inLanguage":"fr-FR","potentialAction":[{"@type":"ReadAction","target":["https:\/\/www.ebenisteriefradet.com\/ebeniste\/"]}]},{"@type":"WebSite","@id":"https:\/\/www.ebenisteriefradet.com\/#website","url":"https:\/\/www.ebenisteriefradet.com\/","name":"Fradet Ludovic | Artisan \u00c9b\u00e9niste Menuisier","description":"\u00c9b\u00e9nisterie et Menuiserie \u00e0 Noirmoutier","potentialAction":[{"@type":"SearchAction","target":{"@type":"EntryPoint","urlTemplate":"https:\/\/www.ebenisteriefradet.com\/?s={search_term_string}"},"query-input":{"@type":"PropertyValueSpecification","valueRequired":true,"valueName":"search_term_string"}}],"inLanguage":"fr-FR"}]}},"_links":{"self":[{"href":"https:\/\/www.ebenisteriefradet.com\/api\/wp\/v2\/pages\/105","targetHints":{"allow":["GET"]}}],"collection":[{"href":"https:\/\/www.ebenisteriefradet.com\/api\/wp\/v2\/pages"}],"about":[{"href":"https:\/\/www.ebenisteriefradet.com\/api\/wp\/v2\/types\/page"}],"author":[{"embeddable":true,"href":"https:\/\/www.ebenisteriefradet.com\/api\/wp\/v2\/users\/1"}],"replies":[{"embeddable":true,"href":"https:\/\/www.ebenisteriefradet.com\/api\/wp\/v2\/comments?post=105"}],"version-history":[{"count":4,"href":"https:\/\/www.ebenisteriefradet.com\/api\/wp\/v2\/pages\/105\/revisions"}],"predecessor-version":[{"id":757,"href":"https:\/\/www.ebenisteriefradet.com\/api\/wp\/v2\/pages\/105\/revisions\/757"}],"wp:attachment":[{"href":"https:\/\/www.ebenisteriefradet.com\/api\/wp\/v2\/media?parent=105"}],"curies":[{"name":"wp","href":"https:\/\/api.w.org\/{rel}","templated":true}]}}